{"id":1571,"date":"2021-03-23T12:12:30","date_gmt":"2021-03-23T12:12:30","guid":{"rendered":"https:\/\/ftd.cognihealth.in\/?page_id=1571"},"modified":"2022-03-21T20:00:11","modified_gmt":"2022-03-21T20:00:11","slug":"stuarts-story","status":"publish","type":"page","link":"https:\/\/neurosymptoms.org\/sv_SE\/stories\/functional-movement-disorders\/stuarts-story\/","title":{"rendered":"Stuarts ber\u00e4ttelse"},"content":{"rendered":"\n<p><em>Stuart beskriver fortskridande problem med funktionell tremor, som till slut f\u00f6rb\u00e4ttrades efter en st\u00f6rre f\u00f6rst\u00e5else f\u00f6r diagnosen och att hans neurolog och arbetsgivare kommunicerade.&nbsp;&nbsp;&nbsp;<\/em><\/p>\n\n\n\n<p><strong>Funktionell tremor &#8211; att acceptera min diagnos gjorde det m\u00f6jligt f\u00f6r mig att \u00e5terg\u00e5 till arbetet.<\/strong>&nbsp;<\/p>\n\n\n\n<p>Jag \u00e4r en 55-\u00e5rig man som arbetar med barn p\u00e5 en skola.<\/p>\n\n\n\n<p>Mina besv\u00e4r b\u00f6rjade f\u00f6r tv\u00e5 \u00e5r sedan n\u00e4r jag fick tremor i min h\u00f6gra hand. Den var inte d\u00e4r hela tiden, men kom fram n\u00e4r jag hade handen mot hakan. Det h\u00e4r fortsatte i n\u00e5gra m\u00e5nader, och handen kunde nu skaka i alla positioner. Jag gick till en l\u00e4kare, och i v\u00e4ntrummet var blev tremorn i handen helt okontrollerbar. Det h\u00e4r gav mig panik och jag b\u00f6rjade hyperventilera; jag hade alltid haft en god h\u00e4lsa och var en v\u00e4ldigt avslappnad person. Den h\u00e4r h\u00e4ndelsen chockade mig och r\u00e4dsla \u00f6kade symtomen. L\u00e4karen skrev ut Diazepam och Trazodon (ej registrerat l\u00e4kemedel i Sverige).<\/p>\n\n\n\n<p>Efter n\u00e5gra m\u00e5nader b\u00f6rjade tremorn i h\u00f6ger hand bli v\u00e4rre, jag hade inte f\u00e5tt n\u00e5gon diagnos och jag b\u00f6rjade bli \u00f6vertygad om att jag hade Parkinsons sjukdom eller m\u00f6jligen ALS. Ovissheten \u00f6kade r\u00e4dslan och de negativa tankarna. Jag tr\u00e4ffade en neurolog som tvivlade p\u00e5 att det var Parkinson, utan trodde att det kunde vara en Funktionell r\u00f6relserubbning. Jag hade aldrig h\u00f6rt talas om det tidigare, f\u00f6rklaringen av tillst\u00e5ndet lindrade inte min \u00e5ngest och jag accepterade inte diagnosen. Jag trodde fortfarande p\u00e5 v\u00e4rsta scenariot.<\/p>\n\n\n\n<p>Min allm\u00e4nl\u00e4kare k\u00e4nde inte till det tillst\u00e5ndet och fortsatte att behandla mig med de mediciner han skrivit ut tidigare. Jag pratade med tv\u00e5 pensionerade l\u00e4kare och de hade inte heller h\u00f6rt talas om den h\u00e4r sjukdomen. Jag blev rekommenderad att g\u00e5 till en psykiater. N\u00e4r jag tr\u00e4ffade honom fr\u00e5gade jag om han k\u00e4nde till diagnosen. Det var uppenbart att han inte gjorde det. Jag hade tv\u00e5 m\u00f6ten och vid b\u00e5da tillf\u00e4llena bombarderades jag med fr\u00e5gor om mitt personliga liv, till exempel fick jag fr\u00e5gor kring sj\u00e4lvmordstankar. Jag informerade om att jag m\u00e5dde psykiskt bra, och att min \u00e5ngest kom av att inte veta vad som var fel med mig. Jag st\u00e4llde in vidare bes\u00f6k.<\/p>\n\n\n\n<p>Neurologen hade ber\u00e4ttat f\u00f6r mig att Funktionell r\u00f6relserubbning inte var en progressiv sjukdom och att symtomen jag hade inte skulle bli v\u00e4rre. Ett \u00e5r gick och jag fortsatte att arbeta. Tillst\u00e5ndet hade nu n\u00e5tt sin topp, tremorn fanns hela tiden i h\u00f6ger hand, hela kroppen hade f\u00e5tt skakningar och jag hade svaghet i mitt v\u00e4nstra ben. Jag var nu \u00f6vertygad om att jag hade blivit feldiagnostiserad. Det hade jag kommit fram till i och med att neurologen hade sagt att det inte skulle vara progressivt.<\/p>\n\n\n\n<p>P\u00c5 jobbet blev kollegorna och de unga oroade av att se mig ha de h\u00e4r symtomen, och jag blev hemskickad vid flera tillf\u00e4llen. Det h\u00e4r i sin tur p\u00e5verkade arbetsschemat f\u00f6r de andra p\u00e5 arbetet och situationen f\u00f6r barnen. Min arbetsgivare var v\u00e4ldigt st\u00f6ttande och ville precis som jag f\u00e5 svar. Vi kom \u00f6verens om att att jag beh\u00f6vde vara ledig f\u00f6r att kunna f\u00e5 en second opinion.<\/p>\n\n\n\n<p>Jag var borta fr\u00e5n arbetet i sex m\u00e5nader, och tillst\u00e5ndet blev v\u00e4rre. Min kropp skakade hela tiden och mitt ben hade blivit \u00e4nnu svagare. Jag k\u00e4nde mig konstant tr\u00f6tt och mitt s\u00f6mnm\u00f6nster var alltid st\u00f6rt. Jag tr\u00e4ffade tv\u00e5 neurologer f\u00f6r en second opinion. Efter en timmes unders\u00f6kning var de \u00f6verens om att det var en Funktionell r\u00f6relserubbning. De gav en f\u00f6rklaring p\u00e5 ett s\u00e4tt som jag kunde f\u00f6rst\u00e5 och direkt acceptera. Mina nya neurologer \u00f6vertygade mig om att det skulle vara v\u00e4ldigt bra f\u00f6r mitt v\u00e4lm\u00e5ende att komma tillbaka till arbetet, det skulle h\u00e5lla mig aktiv och minska mitt fokus p\u00e5 tremorn.<\/p>\n\n\n\n<p>Jag gav min arbetsgivare till\u00e5telse att kontakta min nya neurolog ang\u00e5ende min diagnos, eftersom jag k\u00e4nde att hans kunskap p\u00e5 omr\u00e5det skulle kunna ge min arbetsgivare en f\u00f6rst\u00e5else f\u00f6r tillst\u00e5ndet. Jag tyckte att det skulle vara sv\u00e5rt att f\u00f6rklara det sj\u00e4lv. Min arbetsgivare och min neurolog kunde sedan g\u00e5 igenom mina f\u00f6rm\u00e5gor och svagheter, och min arbetsgivare kunde g\u00f6ra den n\u00f6dv\u00e4ndiga riskbed\u00f6mning som han hade en laglig skyldighet att g\u00f6ra. Min arbetsgivare anv\u00e4nde sig ocks\u00e5 av den h\u00e4r hemsidan, vilket gav honom en st\u00f6rre f\u00f6rst\u00e5else f\u00f6r mitt tillst\u00e5nd.&nbsp;<\/p>\n\n\n\n<p>Min neurolog och min arbetsgivare var \u00f6verens om att det b\u00e4sta alternativet var en stegvis \u00e5terg\u00e5ng. Min arbetsgivare informerade mina kollegor om diagnosen och vilka strategier som kunde anv\u00e4ndas. Det gjorde en \u00f6verenskommelse om att de inte hela tiden beh\u00f6vde fr\u00e5ga om jag var ok, och om jag b\u00f6rjade skaka skulle de ignorera det. Tidigare hade deras fokus p\u00e5 saken f\u00f6rst\u00e4rkt mitt fokus p\u00e5 tremorn, vilket ledde till v\u00e5ldsamma skakningar. Jag slutade ta medicinerna eftersom jag k\u00e4nde att de inte hj\u00e4lpte, det var sv\u00e5rt eftersom jag hade tagit dem i ett och ett halvt \u00e5r.<\/p>\n\n\n\n<p>Nu har jag varit tillbaka p\u00e5 arbetet i \u00f6ver en m\u00e5nad fyra dagar i veckan. Jag har inte haft n\u00e5gra st\u00f6rre attacker, \u00e4ven om jag skakar vid vissa tillf\u00e4llen och fortfarande har en svaghet i mitt ben.<\/p>\n\n\n\n<p>Mina kollegor och barnen har accepterat mitt tillst\u00e5nd och \u00e4r medvetna om mina sv\u00e5righeter. Ett tag trodde jag att jag aldrig skulle kunna arbeta mer. Att acceptera var nyckeln till att jag kunde g\u00e5 tillbaka till arbetet, och genom att acceptera diagnosen och ta tag i de saker som kommer att dyka upp under resten av mitt liv s\u00e5 har jag b\u00f6rjat l\u00e4ra mig att leva med det.<\/p>\n\n\n\n<p>Kommunikationen mellan min neurolog och min arbetsgivare var helt avg\u00f6rande f\u00f6r att jag kunde f\u00e5 hj\u00e4lp att komma tillbaka till min anst\u00e4llning, och st\u00f6det jag fick fr\u00e5n min familj, arbetsgivare, kollegor och skolbarnen var o\u00f6vertr\u00e4ffat.<\/p>\n","protected":false},"excerpt":{"rendered":"<p>Stuart hade tremor och svaghet i ett ben, och f\u00f6rb\u00e4ttrades med b\u00e4ttre f\u00f6rst\u00e5else f\u00f6r tillst\u00e5ndet. <\/p>\n","protected":false},"author":1,"featured_media":0,"parent":1463,"menu_order":246,"comment_status":"closed","ping_status":"closed","template":"page-template\/story-details-page-template.php","meta":[],"_links":{"self":[{"href":"https:\/\/neurosymptoms.org\/sv_SE\/wp-json\/wp\/v2\/pages\/1571"}],"collection":[{"href":"https:\/\/neurosymptoms.org\/sv_SE\/wp-json\/wp\/v2\/pages"}],"about":[{"href":"https:\/\/neurosymptoms.org\/sv_SE\/wp-json\/wp\/v2\/types\/page"}],"author":[{"embeddable":true,"href":"https:\/\/neurosymptoms.org\/sv_SE\/wp-json\/wp\/v2\/users\/1"}],"replies":[{"embeddable":true,"href":"https:\/\/neurosymptoms.org\/sv_SE\/wp-json\/wp\/v2\/comments?post=1571"}],"version-history":[{"count":14,"href":"https:\/\/neurosymptoms.org\/sv_SE\/wp-json\/wp\/v2\/pages\/1571\/revisions"}],"predecessor-version":[{"id":7334,"href":"https:\/\/neurosymptoms.org\/sv_SE\/wp-json\/wp\/v2\/pages\/1571\/revisions\/7334"}],"up":[{"embeddable":true,"href":"https:\/\/neurosymptoms.org\/sv_SE\/wp-json\/wp\/v2\/pages\/1463"}],"wp:attachment":[{"href":"https:\/\/neurosymptoms.org\/sv_SE\/wp-json\/wp\/v2\/media?parent=1571"}],"curies":[{"name":"wp","href":"https:\/\/api.w.org\/{rel}","templated":true}]}}