{"id":1515,"date":"2021-03-21T15:17:56","date_gmt":"2021-03-21T15:17:56","guid":{"rendered":"https:\/\/ftd.cognihealth.in\/?page_id=1515"},"modified":"2022-03-17T02:53:13","modified_gmt":"2022-03-17T02:53:13","slug":"williams-story","status":"publish","type":"page","link":"https:\/\/neurosymptoms.org\/sv_SE\/stories\/functional-limb-weakness-pain\/williams-story\/","title":{"rendered":"Williams ber\u00e4ttelse"},"content":{"rendered":"\n<p>Jag hade ett arbete som innebar en hel del skrivande p\u00e5 tangentbord n\u00e4r sm\u00e4rtan b\u00f6rjade i min h\u00f6gra handled och nedre delen av armen (oktober 2008), men jag t\u00e4nkte inte s\u00e5 mycket p\u00e5 det eftersom jag tidigare hade en liknande period under liknande omst\u00e4ndigheter, som gradvis gick \u00f6ver av sig sj\u00e4lvt n\u00e4r jag slutade skriva s\u00e5 mycket. Men den h\u00e4r g\u00e5ngen \u00f6kade sm\u00e4rtan och d\u00e5 s\u00e5g jag till att f\u00e5 tr\u00e4ffa min allm\u00e4nl\u00e4kare. Diagnosen vid den h\u00e4r tidpunkten var att problemet troligen berodde p\u00e5 Karpaltunnelsyndrom och jag avslutades och fick en kur med sm\u00e4rtstillande, med upptrappning av Diklofenak.<\/p>\n\n\n\n<p>Men det gick inte \u00f6ver den h\u00e4r g\u00e5ngen, och sm\u00e4rtan blev s\u00e5 stark att allt som r\u00f6rde min arm blev en total pl\u00e5ga, s\u00e5 jag remitterades till en Handklinik. De remitterade mig till Neurologavdelningen d\u00e4r Slutligen fick jag diagnosen (omkring mars 2009) Complex Regional Pain Syndrome.&nbsp;<\/p>\n\n\n\n<p>Min l\u00e4kare satte in mig p\u00e5 olika l\u00e4kemedel och inom n\u00e5gra dagar blev det en enorm f\u00f6rb\u00e4ttring av sm\u00e4rtniv\u00e5n. Men eftersom jag inte hade kunnat anv\u00e4nda den handen i n\u00e5gon st\u00f6rre utstr\u00e4ckning p\u00e5 minst sex m\u00e5nader s\u00e5 hade det blivit en ordentlig muskelf\u00f6rtvining i underarmen, och jag fick b\u00f6rja en omg\u00e5ng fysioterapi f\u00f6r att tr\u00e4na upp styrka i armen och f\u00f6rs\u00f6ka komma tillbaka till jobbet.<\/p>\n\n\n\n<p>I nul\u00e4get (november 2009), \u00e4r jag n\u00e4stan bra och p\u00e5 v\u00e4g att g\u00e5 tillbaka till arbetet inom kort. Det som verkligen har tagit tid har varit att bygga upp styrkan i mina armmuskler s\u00e5 att de fungerar som de ska.&nbsp;<\/p>\n\n\n\n<p>Flera saker \u00e4r viktiga att p\u00e5peka. F\u00f6r det f\u00f6rsta \u00e4r detta ett medicinskt omr\u00e5de som uppenbarligen inte \u00e4r s\u00e5 k\u00e4nt av m\u00e5nga och det ledde till en avsev\u00e4rd f\u00f6rdr\u00f6jning i att jag remitterades till den enda l\u00e4karen som kunde behandla mig effektivt. Jag vill dock vara tydlig med att jag inte anklagar l\u00e4karna f\u00f6r bristen p\u00e5 specifik kunskap, och min egen allm\u00e4nl\u00e4kare var angel\u00e4gen om att f\u00f6lja upp mitt \u00e4rende och l\u00e4ra sig av det n\u00e4r jag bes\u00f6kte honom under min \u00e5terh\u00e4mtning f\u00f6r f\u00f6rnyelse av recept.<\/p>\n\n\n\n<p>F\u00f6r det andra, p\u00e5 grund av f\u00f6rdr\u00f6jningen i att f\u00e5 r\u00e4tt diagnos, fick jag en f\u00f6rl\u00e4ngd period med akut sm\u00e4rta, som jag helst inte skulle ha velat genomlida.<\/p>\n\n\n\n<p>Slutligen, p\u00e5 grund av den utdragna tiden gjorde de indirekta skadorna med muskelf\u00f6rtvining att jag fick g\u00e5 igenom en l\u00e5ng \u00e5terh\u00e4mtningsperiod vilket inte skulle ha beh\u00f6vts om jag hade f\u00e5tt behandling av en l\u00e4kare som hade kunskap om den h\u00e4r typen av sv\u00e5righeter.<\/p>\n","protected":false},"excerpt":{"rendered":"<p>William besv\u00e4rades av ih\u00e5llande armsm\u00e4rta som utvecklades till CRPS.<\/p>\n","protected":false},"author":1,"featured_media":0,"parent":1465,"menu_order":235,"comment_status":"closed","ping_status":"closed","template":"page-template\/story-details-page-template.php","meta":[],"_links":{"self":[{"href":"https:\/\/neurosymptoms.org\/sv_SE\/wp-json\/wp\/v2\/pages\/1515"}],"collection":[{"href":"https:\/\/neurosymptoms.org\/sv_SE\/wp-json\/wp\/v2\/pages"}],"about":[{"href":"https:\/\/neurosymptoms.org\/sv_SE\/wp-json\/wp\/v2\/types\/page"}],"author":[{"embeddable":true,"href":"https:\/\/neurosymptoms.org\/sv_SE\/wp-json\/wp\/v2\/users\/1"}],"replies":[{"embeddable":true,"href":"https:\/\/neurosymptoms.org\/sv_SE\/wp-json\/wp\/v2\/comments?post=1515"}],"version-history":[{"count":14,"href":"https:\/\/neurosymptoms.org\/sv_SE\/wp-json\/wp\/v2\/pages\/1515\/revisions"}],"predecessor-version":[{"id":7348,"href":"https:\/\/neurosymptoms.org\/sv_SE\/wp-json\/wp\/v2\/pages\/1515\/revisions\/7348"}],"up":[{"embeddable":true,"href":"https:\/\/neurosymptoms.org\/sv_SE\/wp-json\/wp\/v2\/pages\/1465"}],"wp:attachment":[{"href":"https:\/\/neurosymptoms.org\/sv_SE\/wp-json\/wp\/v2\/media?parent=1515"}],"curies":[{"name":"wp","href":"https:\/\/api.w.org\/{rel}","templated":true}]}}